{"id":15,"date":"2021-11-21T15:14:41","date_gmt":"2021-11-21T15:14:41","guid":{"rendered":"https:\/\/iniciativalegal.com\/index.php\/services\/"},"modified":"2026-03-04T09:19:34","modified_gmt":"2026-03-04T14:19:34","slug":"litigio","status":"publish","type":"page","link":"https:\/\/iniciativalegal.com\/en\/litigio\/","title":{"rendered":"Strategic Dispute Resolution"},"content":{"rendered":"<div data-elementor-type=\"wp-page\" data-elementor-id=\"15\" class=\"elementor elementor-15\" data-elementor-post-type=\"page\">\n\t\t\t\t\t\t<section class=\"elementor-section elementor-top-section elementor-element elementor-element-1bec415 elementor-section-boxed elementor-section-height-default elementor-section-height-default\" data-id=\"1bec415\" data-element_type=\"section\" data-e-type=\"section\" data-settings=\"{&quot;background_background&quot;:&quot;classic&quot;}\">\n\t\t\t\t\t\t\t<div class=\"elementor-background-overlay\"><\/div>\n\t\t\t\t\t\t\t<div class=\"elementor-container elementor-column-gap-default\">\n\t\t\t\t\t<div class=\"elementor-column elementor-col-100 elementor-top-column elementor-element elementor-element-318d23a\" data-id=\"318d23a\" data-element_type=\"column\" data-e-type=\"column\">\n\t\t\t<div class=\"elementor-widget-wrap elementor-element-populated\">\n\t\t\t\t\t\t<div class=\"elementor-element elementor-element-da6a25e elementor-widget elementor-widget-text-editor\" data-id=\"da6a25e\" data-element_type=\"widget\" data-e-type=\"widget\" data-widget_type=\"text-editor.default\">\n\t\t\t\t<div class=\"elementor-widget-container\">\n\t\t\t\t\t\t\t\t\t<p>Servicio en\u00a0<\/p>\t\t\t\t\t\t\t\t<\/div>\n\t\t\t\t<\/div>\n\t\t\t\t<div class=\"elementor-element elementor-element-86a7dc0 elementor-widget elementor-widget-heading\" data-id=\"86a7dc0\" data-element_type=\"widget\" data-e-type=\"widget\" data-widget_type=\"heading.default\">\n\t\t\t\t<div class=\"elementor-widget-container\">\n\t\t\t\t\t<h1 class=\"elementor-heading-title elementor-size-default\">Strategic Dispute Resolution<\/h1>\t\t\t\t<\/div>\n\t\t\t\t<\/div>\n\t\t\t\t\t<\/div>\n\t\t<\/div>\n\t\t\t\t\t<\/div>\n\t\t<\/section>\n\t\t\t\t<section class=\"elementor-section elementor-top-section elementor-element elementor-element-c757d02 elementor-section-boxed elementor-section-height-default elementor-section-height-default\" data-id=\"c757d02\" data-element_type=\"section\" data-e-type=\"section\">\n\t\t\t\t\t\t<div class=\"elementor-container elementor-column-gap-default\">\n\t\t\t\t\t<div class=\"elementor-column elementor-col-100 elementor-top-column elementor-element elementor-element-87653d3\" data-id=\"87653d3\" data-element_type=\"column\" data-e-type=\"column\">\n\t\t\t<div class=\"elementor-widget-wrap elementor-element-populated\">\n\t\t\t\t\t\t<section class=\"elementor-section elementor-inner-section elementor-element elementor-element-f612685 elementor-section-boxed elementor-section-height-default elementor-section-height-default\" data-id=\"f612685\" data-element_type=\"section\" data-e-type=\"section\">\n\t\t\t\t\t\t<div class=\"elementor-container elementor-column-gap-default\">\n\t\t\t\t\t<div class=\"elementor-column elementor-col-50 elementor-inner-column elementor-element elementor-element-69e2ed0\" data-id=\"69e2ed0\" data-element_type=\"column\" data-e-type=\"column\">\n\t\t\t<div class=\"elementor-widget-wrap elementor-element-populated\">\n\t\t\t\t\t\t<div class=\"elementor-element elementor-element-214ead3 elementor-widget__width-initial elementor-widget elementor-widget-image\" data-id=\"214ead3\" data-element_type=\"widget\" data-e-type=\"widget\" data-widget_type=\"image.default\">\n\t\t\t\t<div class=\"elementor-widget-container\">\n\t\t\t\t\t\t\t\t\t\t\t\t\t\t\t<img fetchpriority=\"high\" decoding=\"async\" width=\"1920\" height=\"1080\" src=\"https:\/\/iniciativalegal.com\/wp-content\/uploads\/2024\/01\/juan-nino-PMYCnEgvPK0-unsplash.jpg\" class=\"attachment-full size-full wp-image-2297\" alt=\"Iniciativa Legal - Abogados | Servicio de Litigio estrat\u00e9gico\" srcset=\"https:\/\/iniciativalegal.com\/wp-content\/uploads\/2024\/01\/juan-nino-PMYCnEgvPK0-unsplash.jpg 1920w, https:\/\/iniciativalegal.com\/wp-content\/uploads\/2024\/01\/juan-nino-PMYCnEgvPK0-unsplash-300x169.jpg 300w, https:\/\/iniciativalegal.com\/wp-content\/uploads\/2024\/01\/juan-nino-PMYCnEgvPK0-unsplash-1024x576.jpg 1024w, https:\/\/iniciativalegal.com\/wp-content\/uploads\/2024\/01\/juan-nino-PMYCnEgvPK0-unsplash-768x432.jpg 768w, https:\/\/iniciativalegal.com\/wp-content\/uploads\/2024\/01\/juan-nino-PMYCnEgvPK0-unsplash-1536x864.jpg 1536w\" sizes=\"(max-width: 1920px) 100vw, 1920px\" \/>\t\t\t\t\t\t\t\t\t\t\t\t\t\t\t<\/div>\n\t\t\t\t<\/div>\n\t\t\t\t\t<\/div>\n\t\t<\/div>\n\t\t\t\t<div class=\"elementor-column elementor-col-50 elementor-inner-column elementor-element elementor-element-747e0c0\" data-id=\"747e0c0\" data-element_type=\"column\" data-e-type=\"column\">\n\t\t\t<div class=\"elementor-widget-wrap\">\n\t\t\t\t\t\t\t<\/div>\n\t\t<\/div>\n\t\t\t\t\t<\/div>\n\t\t<\/section>\n\t\t\t\t<section class=\"elementor-section elementor-inner-section elementor-element elementor-element-3549769 elementor-section-boxed elementor-section-height-default elementor-section-height-default\" data-id=\"3549769\" data-element_type=\"section\" data-e-type=\"section\">\n\t\t\t\t\t\t<div class=\"elementor-container elementor-column-gap-default\">\n\t\t\t\t\t<div class=\"elementor-column elementor-col-100 elementor-inner-column elementor-element elementor-element-143aa35\" data-id=\"143aa35\" data-element_type=\"column\" data-e-type=\"column\">\n\t\t\t<div class=\"elementor-widget-wrap elementor-element-populated\">\n\t\t\t\t\t\t<div class=\"elementor-element elementor-element-a3d8c60 elementor-widget elementor-widget-text-editor\" data-id=\"a3d8c60\" data-element_type=\"widget\" data-e-type=\"widget\" data-widget_type=\"text-editor.default\">\n\t\t\t\t<div class=\"elementor-widget-container\">\n\t\t\t\t\t\t\t\t\t<p><strong>1. Responsabilidad Contractual y Extracontractual\u2028<\/strong>Representamos a nuestros clientes en procesos derivados del incumplimiento de obligaciones contractuales, as\u00ed como en reclamaciones por da\u00f1os y perjuicios ocasionados por hechos que generan responsabilidad civil extracontractual. Dise\u00f1amos estrategias probatorias robustas para la acreditaci\u00f3n del da\u00f1o, la imputaci\u00f3n y la cuantificaci\u00f3n de perjuicios.<\/p><p><strong>2. Responsabilidad M\u00e9dica\u2028<\/strong>Asesoramos y representamos en procesos relacionados con presunta mala praxis m\u00e9dica, analizando la conducta profesional, la historia cl\u00ednica, el nexo causal y los est\u00e1ndares t\u00e9cnicos aplicables. Actuamos tanto en defensa de profesionales e instituciones de salud como en representaci\u00f3n de pacientes afectados.<\/p><p><strong>3. Reclamaciones de P\u00f3lizas de Seguros<\/strong>\u2028Acompa\u00f1amos a asegurados y beneficiarios en la formulaci\u00f3n, estructuraci\u00f3n y defensa de reclamaciones frente a compa\u00f1\u00edas aseguradoras. Intervenimos en controversias por objeciones, exclusiones, interpretaci\u00f3n de coberturas y reconocimiento de indemnizaciones, tanto en sede extrajudicial como judicial.<\/p><p><strong>4. Restituci\u00f3n de Inmuebles Arrendados<\/strong>\u2028Representamos a propietarios en procesos de restituci\u00f3n de inmueble arrendado por incumplimiento contractual, mora en el pago de c\u00e1nones u otras causales legales, buscando una recuperaci\u00f3n \u00e1gil y efectiva del bien.<\/p><p><strong>5. Imposici\u00f3n de Servidumbres<\/strong>\u2028Asesoramos en la constituci\u00f3n, reconocimiento e imposici\u00f3n judicial de servidumbres legales o convencionales, as\u00ed como en controversias relacionadas con su alcance, uso y compensaci\u00f3n econ\u00f3mica.<\/p>\t\t\t\t\t\t\t\t<\/div>\n\t\t\t\t<\/div>\n\t\t\t\t\t<\/div>\n\t\t<\/div>\n\t\t\t\t\t<\/div>\n\t\t<\/section>\n\t\t\t\t\t<\/div>\n\t\t<\/div>\n\t\t\t\t\t<\/div>\n\t\t<\/section>\n\t\t\t\t<section class=\"elementor-section elementor-top-section elementor-element elementor-element-562e7a3f elementor-section-boxed elementor-section-height-default elementor-section-height-default\" data-id=\"562e7a3f\" data-element_type=\"section\" data-e-type=\"section\">\n\t\t\t\t\t\t<div class=\"elementor-container elementor-column-gap-default\">\n\t\t\t\t\t<div class=\"elementor-column elementor-col-50 elementor-top-column elementor-element elementor-element-6bc4677\" data-id=\"6bc4677\" data-element_type=\"column\" data-e-type=\"column\">\n\t\t\t<div class=\"elementor-widget-wrap elementor-element-populated\">\n\t\t\t\t\t\t<div class=\"elementor-element elementor-element-2f29a7cd elementor-widget elementor-widget-image\" data-id=\"2f29a7cd\" data-element_type=\"widget\" data-e-type=\"widget\" data-widget_type=\"image.default\">\n\t\t\t\t<div class=\"elementor-widget-container\">\n\t\t\t\t\t\t\t\t\t\t\t\t\t\t\t<img decoding=\"async\" width=\"800\" height=\"641\" src=\"https:\/\/iniciativalegal.com\/wp-content\/uploads\/2024\/01\/IMG_0380-1-1024x820.jpg\" class=\"attachment-large size-large wp-image-1995\" alt=\"Camilo Montoya Duque y Juliana Echavarr\u00eda Restrepo\" srcset=\"https:\/\/iniciativalegal.com\/wp-content\/uploads\/2024\/01\/IMG_0380-1-1024x820.jpg 1024w, https:\/\/iniciativalegal.com\/wp-content\/uploads\/2024\/01\/IMG_0380-1-300x240.jpg 300w, https:\/\/iniciativalegal.com\/wp-content\/uploads\/2024\/01\/IMG_0380-1-768x615.jpg 768w, https:\/\/iniciativalegal.com\/wp-content\/uploads\/2024\/01\/IMG_0380-1-1536x1230.jpg 1536w, https:\/\/iniciativalegal.com\/wp-content\/uploads\/2024\/01\/IMG_0380-1-2048x1640.jpg 2048w\" sizes=\"(max-width: 800px) 100vw, 800px\" \/>\t\t\t\t\t\t\t\t\t\t\t\t\t\t\t<\/div>\n\t\t\t\t<\/div>\n\t\t\t\t\t<\/div>\n\t\t<\/div>\n\t\t\t\t<div class=\"elementor-column elementor-col-50 elementor-top-column elementor-element elementor-element-4a7f692f\" data-id=\"4a7f692f\" data-element_type=\"column\" data-e-type=\"column\" data-settings=\"{&quot;background_background&quot;:&quot;classic&quot;}\">\n\t\t\t<div class=\"elementor-widget-wrap elementor-element-populated\">\n\t\t\t\t\t\t<div class=\"elementor-element elementor-element-3048ca22 elementor-widget elementor-widget-heading\" data-id=\"3048ca22\" data-element_type=\"widget\" data-e-type=\"widget\" data-widget_type=\"heading.default\">\n\t\t\t\t<div class=\"elementor-widget-container\">\n\t\t\t\t\t<h2 class=\"elementor-heading-title elementor-size-default\">Schedule an appointment with us<\/h2>\t\t\t\t<\/div>\n\t\t\t\t<\/div>\n\t\t\t\t<div class=\"elementor-element elementor-element-38331d87 form-sac elementor-widget elementor-widget-text-editor\" data-id=\"38331d87\" data-element_type=\"widget\" data-e-type=\"widget\" data-widget_type=\"text-editor.default\">\n\t\t\t\t<div class=\"elementor-widget-container\">\n\t\t\t\t\t\t\t\t\t<p>\n<div class=\"wpcf7 no-js\" id=\"wpcf7-f2883-o1\" lang=\"es-CO\" dir=\"ltr\" data-wpcf7-id=\"2883\">\n<div class=\"screen-reader-response\"><p role=\"status\" aria-live=\"polite\" aria-atomic=\"true\"><\/p> <ul><\/ul><\/div>\n<form action=\"\/en\/wp-json\/wp\/v2\/pages\/15#wpcf7-f2883-o1\" method=\"post\" class=\"wpcf7-form init\" aria-label=\"Formulario de contacto\" novalidate=\"novalidate\" data-status=\"init\" data-trp-original-action=\"\/en\/wp-json\/wp\/v2\/pages\/15#wpcf7-f2883-o1\">\n<fieldset class=\"hidden-fields-container\"><input type=\"hidden\" name=\"_wpcf7\" value=\"2883\" \/><input type=\"hidden\" name=\"_wpcf7_version\" value=\"6.1.5\" \/><input type=\"hidden\" name=\"_wpcf7_locale\" value=\"es_CO\" \/><input type=\"hidden\" name=\"_wpcf7_unit_tag\" value=\"wpcf7-f2883-o1\" \/><input type=\"hidden\" name=\"_wpcf7_container_post\" value=\"0\" \/><input type=\"hidden\" name=\"_wpcf7_posted_data_hash\" value=\"\" \/><input type=\"hidden\" name=\"_wpcf7_recaptcha_response\" value=\"\" \/>\n<\/fieldset>\n<p><span class=\"wpcf7-form-control-wrap\" data-name=\"nombre\"><input size=\"40\" maxlength=\"400\" class=\"wpcf7-form-control wpcf7-text wpcf7-validates-as-required\" aria-required=\"true\" aria-invalid=\"false\" placeholder=\"Full Name\" value=\"\" type=\"text\" name=\"nombre\" \/><\/span><br \/>\n<span class=\"wpcf7-form-control-wrap\" data-name=\"telefono\"><input size=\"40\" maxlength=\"400\" class=\"wpcf7-form-control wpcf7-tel wpcf7-validates-as-required wpcf7-text wpcf7-validates-as-tel\" aria-required=\"true\" aria-invalid=\"false\" placeholder=\"Mobile Phone\" value=\"\" type=\"tel\" name=\"telefono\" \/><\/span><br \/>\n<span class=\"wpcf7-form-control-wrap\" data-name=\"correo\"><input size=\"40\" maxlength=\"400\" class=\"wpcf7-form-control wpcf7-email wpcf7-validates-as-required wpcf7-text wpcf7-validates-as-email\" aria-required=\"true\" aria-invalid=\"false\" placeholder=\"Email Address\" value=\"\" type=\"email\" name=\"correo\" \/><\/span><br \/>\n<span class=\"wpcf7-form-control-wrap\" data-name=\"mensaje\"><textarea cols=\"40\" rows=\"10\" maxlength=\"2000\" class=\"wpcf7-form-control wpcf7-textarea\" aria-invalid=\"false\" placeholder=\"How can we assist you?\" name=\"mensaje\"><\/textarea><\/span><br \/>\n<input class=\"wpcf7-form-control wpcf7-hidden\" value=\"Litigio Estrat\u00e9gico\" type=\"hidden\" name=\"servicio\" \/>\n<\/p>\n<div style=\"display:none;\">\n<input class=\"wpcf7-form-control wpcf7-hidden\" value=\"\" type=\"hidden\" name=\"utm_source\" \/>\n<input class=\"wpcf7-form-control wpcf7-hidden\" value=\"\" type=\"hidden\" name=\"utm_medium\" \/>\n<input class=\"wpcf7-form-control wpcf7-hidden\" value=\"\" type=\"hidden\" name=\"utm_campaign\" \/>\n<input class=\"wpcf7-form-control wpcf7-hidden\" value=\"\" type=\"hidden\" name=\"utm_keyword\" \/>\n<input class=\"wpcf7-form-control wpcf7-hidden\" value=\"\" type=\"hidden\" name=\"utm_content\" \/>\n<\/div>\n<p><span class=\"wpcf7-form-control-wrap\" data-name=\"terminos\"><span class=\"wpcf7-form-control wpcf7-acceptance optional\"><span class=\"wpcf7-list-item\"><label><input type=\"checkbox\" name=\"terminos\" value=\"1\" aria-invalid=\"false\" \/><span class=\"wpcf7-list-item-label\">I accept <a href=\"https:\/\/iniciativalegal.com\/wp-content\/uploads\/2023\/12\/IL-POLITICA-DE-TRATAMIENTO-DE-DATOS.pdf\">the personal data processing policy<\/a><\/span><\/label><\/span><\/span><\/span><br \/>\n<input class=\"wpcf7-form-control wpcf7-submit has-spinner\" type=\"submit\" value=\"Send\" \/>\n<\/p><div class=\"wpcf7-response-output\" aria-hidden=\"true\"><\/div>\n<input type=\"hidden\" name=\"trp-form-language\" value=\"en\"\/><\/form>\n<\/div>\n<\/p>\t\t\t\t\t\t\t\t<\/div>\n\t\t\t\t<\/div>\n\t\t\t\t\t<\/div>\n\t\t<\/div>\n\t\t\t\t\t<\/div>\n\t\t<\/section>\n\t\t\t\t<\/div>","protected":false},"excerpt":{"rendered":"<p>Servicio en\u00a0 1. Responsabilidad Contractual y Extracontractual\u2028Representamos a nuestros clientes en procesos derivados del incumplimiento de obligaciones contractuales, as\u00ed como en reclamaciones por da\u00f1os y perjuicios ocasionados por hechos que generan responsabilidad civil extracontractual. Dise\u00f1amos estrategias probatorias robustas para la acreditaci\u00f3n del da\u00f1o, la imputaci\u00f3n y la cuantificaci\u00f3n de perjuicios. 2. Responsabilidad M\u00e9dica\u2028Asesoramos y representamos [&hellip;]<\/p>\n","protected":false},"author":1,"featured_media":0,"parent":0,"menu_order":0,"comment_status":"closed","ping_status":"closed","template":"","meta":{"_joinchat":[],"footnotes":""},"class_list":["post-15","page","type-page","status-publish","hentry"],"yoast_head":"<!-- This site is optimized with the Yoast SEO Premium plugin v21.9 (Yoast SEO v27.5) - https:\/\/yoast.com\/product\/yoast-seo-premium-wordpress\/ -->\n<title>Iniciativa Legal - Abogados | Servicio de Litigio estrat\u00e9gico<\/title>\n<meta name=\"description\" content=\"Asesoramos y acompa\u00f1amos para la prevenci\u00f3n y defensa de asuntos litigiosos que se presenten en la jurisdicci\u00f3n ordinaria civil\" \/>\n<meta name=\"robots\" content=\"index, follow, max-snippet:-1, max-image-preview:large, max-video-preview:-1\" \/>\n<link rel=\"canonical\" href=\"https:\/\/iniciativalegal.com\/en\/litigio\/\" \/>\n<meta property=\"og:locale\" content=\"en_US\" \/>\n<meta property=\"og:type\" content=\"article\" \/>\n<meta property=\"og:title\" content=\"Litigio estrat\u00e9gico\" \/>\n<meta property=\"og:description\" content=\"Asesoramos y acompa\u00f1amos para la prevenci\u00f3n y defensa de asuntos litigiosos que se presenten en la jurisdicci\u00f3n ordinaria civil\" \/>\n<meta property=\"og:url\" content=\"https:\/\/iniciativalegal.com\/en\/litigio\/\" \/>\n<meta property=\"og:site_name\" content=\"Iniciativa Legal\" \/>\n<meta property=\"article:publisher\" content=\"https:\/\/www.facebook.com\/profile.php?id=100054888697663\" \/>\n<meta property=\"article:modified_time\" content=\"2026-03-04T14:19:34+00:00\" \/>\n<meta property=\"og:image\" content=\"https:\/\/iniciativalegal.com\/wp-content\/uploads\/2024\/01\/juan-nino-PMYCnEgvPK0-unsplash.jpg\" \/>\n\t<meta property=\"og:image:width\" content=\"1920\" \/>\n\t<meta property=\"og:image:height\" content=\"1080\" \/>\n\t<meta property=\"og:image:type\" content=\"image\/jpeg\" \/>\n<meta name=\"twitter:card\" content=\"summary_large_image\" \/>\n<meta name=\"twitter:label1\" content=\"Est. reading time\" \/>\n\t<meta name=\"twitter:data1\" content=\"2 minutes\" \/>\n<script type=\"application\/ld+json\" class=\"yoast-schema-graph\">{\"@context\":\"https:\\\/\\\/schema.org\",\"@graph\":[{\"@type\":\"WebPage\",\"@id\":\"https:\\\/\\\/iniciativalegal.com\\\/en\\\/litigio\\\/\",\"url\":\"https:\\\/\\\/iniciativalegal.com\\\/en\\\/litigio\\\/\",\"name\":\"Iniciativa Legal - Abogados | Servicio de Litigio estrat\u00e9gico\",\"isPartOf\":{\"@id\":\"https:\\\/\\\/iniciativalegal.com\\\/en\\\/#website\"},\"primaryImageOfPage\":{\"@id\":\"https:\\\/\\\/iniciativalegal.com\\\/en\\\/litigio\\\/#primaryimage\"},\"image\":{\"@id\":\"https:\\\/\\\/iniciativalegal.com\\\/en\\\/litigio\\\/#primaryimage\"},\"thumbnailUrl\":\"https:\\\/\\\/iniciativalegal.com\\\/wp-content\\\/uploads\\\/2024\\\/01\\\/juan-nino-PMYCnEgvPK0-unsplash.jpg\",\"datePublished\":\"2021-11-21T15:14:41+00:00\",\"dateModified\":\"2026-03-04T14:19:34+00:00\",\"description\":\"Asesoramos y acompa\u00f1amos para la prevenci\u00f3n y defensa de asuntos litigiosos que se presenten en la jurisdicci\u00f3n ordinaria civil\",\"breadcrumb\":{\"@id\":\"https:\\\/\\\/iniciativalegal.com\\\/en\\\/litigio\\\/#breadcrumb\"},\"inLanguage\":\"en-US\",\"potentialAction\":[{\"@type\":\"ReadAction\",\"target\":[\"https:\\\/\\\/iniciativalegal.com\\\/en\\\/litigio\\\/\"]}]},{\"@type\":\"ImageObject\",\"inLanguage\":\"en-US\",\"@id\":\"https:\\\/\\\/iniciativalegal.com\\\/en\\\/litigio\\\/#primaryimage\",\"url\":\"https:\\\/\\\/iniciativalegal.com\\\/wp-content\\\/uploads\\\/2024\\\/01\\\/juan-nino-PMYCnEgvPK0-unsplash.jpg\",\"contentUrl\":\"https:\\\/\\\/iniciativalegal.com\\\/wp-content\\\/uploads\\\/2024\\\/01\\\/juan-nino-PMYCnEgvPK0-unsplash.jpg\"},{\"@type\":\"BreadcrumbList\",\"@id\":\"https:\\\/\\\/iniciativalegal.com\\\/en\\\/litigio\\\/#breadcrumb\",\"itemListElement\":[{\"@type\":\"ListItem\",\"position\":1,\"name\":\"Inicio\",\"item\":\"https:\\\/\\\/iniciativalegal.com\\\/\"},{\"@type\":\"ListItem\",\"position\":2,\"name\":\"Litigio estrat\u00e9gico\"}]},{\"@type\":\"WebSite\",\"@id\":\"https:\\\/\\\/iniciativalegal.com\\\/en\\\/#website\",\"url\":\"https:\\\/\\\/iniciativalegal.com\\\/en\\\/\",\"name\":\"iniciativalegal.com\",\"description\":\"Somos tus alidados Jur\u00eddicos\",\"publisher\":{\"@id\":\"https:\\\/\\\/iniciativalegal.com\\\/en\\\/#organization\"},\"alternateName\":\"Iniciativa Legal Abogados\",\"potentialAction\":[{\"@type\":\"SearchAction\",\"target\":{\"@type\":\"EntryPoint\",\"urlTemplate\":\"https:\\\/\\\/iniciativalegal.com\\\/en\\\/?s={search_term_string}\"},\"query-input\":{\"@type\":\"PropertyValueSpecification\",\"valueRequired\":true,\"valueName\":\"search_term_string\"}}],\"inLanguage\":\"en-US\"},{\"@type\":\"Organization\",\"@id\":\"https:\\\/\\\/iniciativalegal.com\\\/en\\\/#organization\",\"name\":\"iniciativalegal.com\",\"url\":\"https:\\\/\\\/iniciativalegal.com\\\/en\\\/\",\"logo\":{\"@type\":\"ImageObject\",\"inLanguage\":\"en-US\",\"@id\":\"https:\\\/\\\/iniciativalegal.com\\\/en\\\/#\\\/schema\\\/logo\\\/image\\\/\",\"url\":\"https:\\\/\\\/iniciativalegal.com\\\/wp-content\\\/uploads\\\/2023\\\/12\\\/cropped-INICIATIVA-LEGAL_favicon-1.ico\",\"contentUrl\":\"https:\\\/\\\/iniciativalegal.com\\\/wp-content\\\/uploads\\\/2023\\\/12\\\/cropped-INICIATIVA-LEGAL_favicon-1.ico\",\"width\":48,\"height\":48,\"caption\":\"iniciativalegal.com\"},\"image\":{\"@id\":\"https:\\\/\\\/iniciativalegal.com\\\/en\\\/#\\\/schema\\\/logo\\\/image\\\/\"},\"sameAs\":[\"https:\\\/\\\/www.facebook.com\\\/profile.php?id=100054888697663\",\"https:\\\/\\\/www.instagram.com\\\/iniciativa_legal\"]}]}<\/script>\n<!-- \/ Yoast SEO Premium plugin. -->","yoast_head_json":{"title":"Iniciativa Legal - Abogados | Servicio de Litigio estrat\u00e9gico","description":"Asesoramos y acompa\u00f1amos para la prevenci\u00f3n y defensa de asuntos litigiosos que se presenten en la jurisdicci\u00f3n ordinaria civil","robots":{"index":"index","follow":"follow","max-snippet":"max-snippet:-1","max-image-preview":"max-image-preview:large","max-video-preview":"max-video-preview:-1"},"canonical":"https:\/\/iniciativalegal.com\/en\/litigio\/","og_locale":"en_US","og_type":"article","og_title":"Litigio estrat\u00e9gico","og_description":"Asesoramos y acompa\u00f1amos para la prevenci\u00f3n y defensa de asuntos litigiosos que se presenten en la jurisdicci\u00f3n ordinaria civil","og_url":"https:\/\/iniciativalegal.com\/en\/litigio\/","og_site_name":"Iniciativa Legal","article_publisher":"https:\/\/www.facebook.com\/profile.php?id=100054888697663","article_modified_time":"2026-03-04T14:19:34+00:00","og_image":[{"width":1920,"height":1080,"url":"https:\/\/iniciativalegal.com\/wp-content\/uploads\/2024\/01\/juan-nino-PMYCnEgvPK0-unsplash.jpg","type":"image\/jpeg"}],"twitter_card":"summary_large_image","twitter_misc":{"Est. reading time":"2 minutes"},"schema":{"@context":"https:\/\/schema.org","@graph":[{"@type":"WebPage","@id":"https:\/\/iniciativalegal.com\/en\/litigio\/","url":"https:\/\/iniciativalegal.com\/en\/litigio\/","name":"Iniciativa Legal - Abogados | Servicio de Litigio estrat\u00e9gico","isPartOf":{"@id":"https:\/\/iniciativalegal.com\/en\/#website"},"primaryImageOfPage":{"@id":"https:\/\/iniciativalegal.com\/en\/litigio\/#primaryimage"},"image":{"@id":"https:\/\/iniciativalegal.com\/en\/litigio\/#primaryimage"},"thumbnailUrl":"https:\/\/iniciativalegal.com\/wp-content\/uploads\/2024\/01\/juan-nino-PMYCnEgvPK0-unsplash.jpg","datePublished":"2021-11-21T15:14:41+00:00","dateModified":"2026-03-04T14:19:34+00:00","description":"Asesoramos y acompa\u00f1amos para la prevenci\u00f3n y defensa de asuntos litigiosos que se presenten en la jurisdicci\u00f3n ordinaria civil","breadcrumb":{"@id":"https:\/\/iniciativalegal.com\/en\/litigio\/#breadcrumb"},"inLanguage":"en-US","potentialAction":[{"@type":"ReadAction","target":["https:\/\/iniciativalegal.com\/en\/litigio\/"]}]},{"@type":"ImageObject","inLanguage":"en-US","@id":"https:\/\/iniciativalegal.com\/en\/litigio\/#primaryimage","url":"https:\/\/iniciativalegal.com\/wp-content\/uploads\/2024\/01\/juan-nino-PMYCnEgvPK0-unsplash.jpg","contentUrl":"https:\/\/iniciativalegal.com\/wp-content\/uploads\/2024\/01\/juan-nino-PMYCnEgvPK0-unsplash.jpg"},{"@type":"BreadcrumbList","@id":"https:\/\/iniciativalegal.com\/en\/litigio\/#breadcrumb","itemListElement":[{"@type":"ListItem","position":1,"name":"Inicio","item":"https:\/\/iniciativalegal.com\/"},{"@type":"ListItem","position":2,"name":"Litigio estrat\u00e9gico"}]},{"@type":"WebSite","@id":"https:\/\/iniciativalegal.com\/en\/#website","url":"https:\/\/iniciativalegal.com\/en\/","name":"iniciativalegal.com","description":"Somos tus alidados Jur\u00eddicos","publisher":{"@id":"https:\/\/iniciativalegal.com\/en\/#organization"},"alternateName":"Iniciativa Legal Abogados","potentialAction":[{"@type":"SearchAction","target":{"@type":"EntryPoint","urlTemplate":"https:\/\/iniciativalegal.com\/en\/?s={search_term_string}"},"query-input":{"@type":"PropertyValueSpecification","valueRequired":true,"valueName":"search_term_string"}}],"inLanguage":"en-US"},{"@type":"Organization","@id":"https:\/\/iniciativalegal.com\/en\/#organization","name":"iniciativalegal.com","url":"https:\/\/iniciativalegal.com\/en\/","logo":{"@type":"ImageObject","inLanguage":"en-US","@id":"https:\/\/iniciativalegal.com\/en\/#\/schema\/logo\/image\/","url":"https:\/\/iniciativalegal.com\/wp-content\/uploads\/2023\/12\/cropped-INICIATIVA-LEGAL_favicon-1.ico","contentUrl":"https:\/\/iniciativalegal.com\/wp-content\/uploads\/2023\/12\/cropped-INICIATIVA-LEGAL_favicon-1.ico","width":48,"height":48,"caption":"iniciativalegal.com"},"image":{"@id":"https:\/\/iniciativalegal.com\/en\/#\/schema\/logo\/image\/"},"sameAs":["https:\/\/www.facebook.com\/profile.php?id=100054888697663","https:\/\/www.instagram.com\/iniciativa_legal"]}]}},"_links":{"self":[{"href":"https:\/\/iniciativalegal.com\/en\/wp-json\/wp\/v2\/pages\/15","targetHints":{"allow":["GET"]}}],"collection":[{"href":"https:\/\/iniciativalegal.com\/en\/wp-json\/wp\/v2\/pages"}],"about":[{"href":"https:\/\/iniciativalegal.com\/en\/wp-json\/wp\/v2\/types\/page"}],"author":[{"embeddable":true,"href":"https:\/\/iniciativalegal.com\/en\/wp-json\/wp\/v2\/users\/1"}],"replies":[{"embeddable":true,"href":"https:\/\/iniciativalegal.com\/en\/wp-json\/wp\/v2\/comments?post=15"}],"version-history":[{"count":87,"href":"https:\/\/iniciativalegal.com\/en\/wp-json\/wp\/v2\/pages\/15\/revisions"}],"predecessor-version":[{"id":3086,"href":"https:\/\/iniciativalegal.com\/en\/wp-json\/wp\/v2\/pages\/15\/revisions\/3086"}],"wp:attachment":[{"href":"https:\/\/iniciativalegal.com\/en\/wp-json\/wp\/v2\/media?parent=15"}],"curies":[{"name":"wp","href":"https:\/\/api.w.org\/{rel}","templated":true}]}}