{"id":1738,"date":"2024-01-12T19:10:19","date_gmt":"2024-01-12T19:10:19","guid":{"rendered":"https:\/\/iniciativalegal.com\/?page_id=1738"},"modified":"2026-03-04T09:14:38","modified_gmt":"2026-03-04T14:14:38","slug":"derecho-inmobiliario-y-urbanistico","status":"publish","type":"page","link":"https:\/\/iniciativalegal.com\/en\/derecho-inmobiliario-y-urbanistico\/","title":{"rendered":"Real Estate and Urban Planning Law"},"content":{"rendered":"<div data-elementor-type=\"wp-page\" data-elementor-id=\"1738\" class=\"elementor elementor-1738\" data-elementor-post-type=\"page\">\n\t\t\t\t\t\t<section class=\"elementor-section elementor-top-section elementor-element elementor-element-e75f270 elementor-section-boxed elementor-section-height-default elementor-section-height-default\" data-id=\"e75f270\" data-element_type=\"section\" data-e-type=\"section\" data-settings=\"{&quot;background_background&quot;:&quot;classic&quot;}\">\n\t\t\t\t\t\t\t<div class=\"elementor-background-overlay\"><\/div>\n\t\t\t\t\t\t\t<div class=\"elementor-container elementor-column-gap-default\">\n\t\t\t\t\t<div class=\"elementor-column elementor-col-100 elementor-top-column elementor-element elementor-element-da68dd9\" data-id=\"da68dd9\" data-element_type=\"column\" data-e-type=\"column\">\n\t\t\t<div class=\"elementor-widget-wrap elementor-element-populated\">\n\t\t\t\t\t\t<div class=\"elementor-element elementor-element-3cfc880 elementor-widget elementor-widget-text-editor\" data-id=\"3cfc880\" data-element_type=\"widget\" data-e-type=\"widget\" data-widget_type=\"text-editor.default\">\n\t\t\t\t<div class=\"elementor-widget-container\">\n\t\t\t\t\t\t\t\t\t<p>Servicio en\u00a0<\/p>\t\t\t\t\t\t\t\t<\/div>\n\t\t\t\t<\/div>\n\t\t\t\t<div class=\"elementor-element elementor-element-747f20c elementor-widget elementor-widget-heading\" data-id=\"747f20c\" data-element_type=\"widget\" data-e-type=\"widget\" data-widget_type=\"heading.default\">\n\t\t\t\t<div class=\"elementor-widget-container\">\n\t\t\t\t\t<h1 class=\"elementor-heading-title elementor-size-default\">Real Estate and Urban Planning Law<\/h1>\t\t\t\t<\/div>\n\t\t\t\t<\/div>\n\t\t\t\t\t<\/div>\n\t\t<\/div>\n\t\t\t\t\t<\/div>\n\t\t<\/section>\n\t\t\t\t<section class=\"elementor-section elementor-top-section elementor-element elementor-element-4c3b703 elementor-section-boxed elementor-section-height-default elementor-section-height-default\" data-id=\"4c3b703\" data-element_type=\"section\" data-e-type=\"section\">\n\t\t\t\t\t\t<div class=\"elementor-container elementor-column-gap-default\">\n\t\t\t\t\t<div class=\"elementor-column elementor-col-100 elementor-top-column elementor-element elementor-element-eb59163\" data-id=\"eb59163\" data-element_type=\"column\" data-e-type=\"column\">\n\t\t\t<div class=\"elementor-widget-wrap elementor-element-populated\">\n\t\t\t\t\t\t<section class=\"elementor-section elementor-inner-section elementor-element elementor-element-27774dc elementor-section-boxed elementor-section-height-default elementor-section-height-default\" data-id=\"27774dc\" data-element_type=\"section\" data-e-type=\"section\">\n\t\t\t\t\t\t<div class=\"elementor-container elementor-column-gap-default\">\n\t\t\t\t\t<div class=\"elementor-column elementor-col-50 elementor-inner-column elementor-element elementor-element-211b4ca\" data-id=\"211b4ca\" data-element_type=\"column\" data-e-type=\"column\">\n\t\t\t<div class=\"elementor-widget-wrap elementor-element-populated\">\n\t\t\t\t\t\t<div class=\"elementor-element elementor-element-214ead3 elementor-widget elementor-widget-image\" data-id=\"214ead3\" data-element_type=\"widget\" data-e-type=\"widget\" data-widget_type=\"image.default\">\n\t\t\t\t<div class=\"elementor-widget-container\">\n\t\t\t\t\t\t\t\t\t\t\t\t\t\t\t<img fetchpriority=\"high\" decoding=\"async\" width=\"768\" height=\"576\" src=\"https:\/\/iniciativalegal.com\/wp-content\/uploads\/2024\/01\/oneil-williams-5052mLpyS4c-unsplash-768x576.jpg\" class=\"attachment-medium_large size-medium_large wp-image-2290\" alt=\"Derecho Inmobiliario y Urban\u00edstico\" srcset=\"https:\/\/iniciativalegal.com\/wp-content\/uploads\/2024\/01\/oneil-williams-5052mLpyS4c-unsplash-768x576.jpg 768w, https:\/\/iniciativalegal.com\/wp-content\/uploads\/2024\/01\/oneil-williams-5052mLpyS4c-unsplash-300x225.jpg 300w, https:\/\/iniciativalegal.com\/wp-content\/uploads\/2024\/01\/oneil-williams-5052mLpyS4c-unsplash-1024x768.jpg 1024w, https:\/\/iniciativalegal.com\/wp-content\/uploads\/2024\/01\/oneil-williams-5052mLpyS4c-unsplash-1536x1152.jpg 1536w, https:\/\/iniciativalegal.com\/wp-content\/uploads\/2024\/01\/oneil-williams-5052mLpyS4c-unsplash.jpg 1920w\" sizes=\"(max-width: 768px) 100vw, 768px\" \/>\t\t\t\t\t\t\t\t\t\t\t\t\t\t\t<\/div>\n\t\t\t\t<\/div>\n\t\t\t\t\t<\/div>\n\t\t<\/div>\n\t\t\t\t<div class=\"elementor-column elementor-col-50 elementor-inner-column elementor-element elementor-element-5b1dd80\" data-id=\"5b1dd80\" data-element_type=\"column\" data-e-type=\"column\">\n\t\t\t<div class=\"elementor-widget-wrap\">\n\t\t\t\t\t\t\t<\/div>\n\t\t<\/div>\n\t\t\t\t\t<\/div>\n\t\t<\/section>\n\t\t\t\t<section class=\"elementor-section elementor-inner-section elementor-element elementor-element-8f69ab9 elementor-section-boxed elementor-section-height-default elementor-section-height-default\" data-id=\"8f69ab9\" data-element_type=\"section\" data-e-type=\"section\">\n\t\t\t\t\t\t<div class=\"elementor-container elementor-column-gap-default\">\n\t\t\t\t\t<div class=\"elementor-column elementor-col-100 elementor-inner-column elementor-element elementor-element-70e9f8f\" data-id=\"70e9f8f\" data-element_type=\"column\" data-e-type=\"column\">\n\t\t\t<div class=\"elementor-widget-wrap elementor-element-populated\">\n\t\t\t\t\t\t<div class=\"elementor-element elementor-element-fd08a1d elementor-widget elementor-widget-text-editor\" data-id=\"fd08a1d\" data-element_type=\"widget\" data-e-type=\"widget\" data-widget_type=\"text-editor.default\">\n\t\t\t\t<div class=\"elementor-widget-container\">\n\t\t\t\t\t\t\t\t\t<p><strong>1. Transacciones Inmobiliarias<\/strong>\u2028Asesoramos en la estructuraci\u00f3n y acompa\u00f1amiento jur\u00eddico de compraventas, promesas de compraventa, permutas, leasing inmobiliario y dem\u00e1s negocios jur\u00eddicos sobre bienes inmuebles. Realizamos an\u00e1lisis contractual, verificaci\u00f3n de cargas y grav\u00e1menes, y acompa\u00f1amiento en el cierre de las operaciones.<\/p><p><strong>2. Estudios de T\u00edtulos y Debida Diligencia Inmobiliaria\u2028<\/strong>Realizamos estudios de t\u00edtulos exhaustivos para verificar la tradici\u00f3n del inmueble, existencia de limitaciones al dominio, afectaciones, medidas cautelares o contingencias jur\u00eddicas que puedan impactar la operaci\u00f3n. Emitimos conceptos jur\u00eddicos que permiten tomar decisiones seguras y estrat\u00e9gicas.<\/p><p><strong>3. Reglamentos de Propiedad Horizontal<\/strong>\u2028Elaboramos, reformamos y adecuamos reglamentos de propiedad horizontal, asesorando en la estructuraci\u00f3n jur\u00eddica de proyectos sometidos a este r\u00e9gimen y en la correcta aplicaci\u00f3n de la normativa vigente. Acompa\u00f1amos en conflictos entre copropietarios y \u00f3rganos de administraci\u00f3n.<\/p><p><strong>4. Asesor\u00eda en Proyectos Urban\u00edsticos<\/strong>\u2028Brindamos acompa\u00f1amiento jur\u00eddico en el desarrollo de proyectos inmobiliarios, incluyendo an\u00e1lisis normativo urban\u00edstico, uso del suelo, licencias urban\u00edsticas, cargas urban\u00edsticas y cumplimiento de obligaciones frente a autoridades municipales. Apoyamos procesos de estructuraci\u00f3n legal para proyectos de vivienda, comercio y uso mixto.<\/p><p><strong>5. Litigios Inmobiliarios\u2028<\/strong>Representamos a nuestros clientes en controversias relacionadas con propiedad, posesi\u00f3n, cumplimiento de contratos inmobiliarios, responsabilidad derivada de la construcci\u00f3n, conflictos en propiedad horizontal y dem\u00e1s disputas vinculadas al sector inmobiliario.<\/p>\t\t\t\t\t\t\t\t<\/div>\n\t\t\t\t<\/div>\n\t\t\t\t\t<\/div>\n\t\t<\/div>\n\t\t\t\t\t<\/div>\n\t\t<\/section>\n\t\t\t\t\t<\/div>\n\t\t<\/div>\n\t\t\t\t\t<\/div>\n\t\t<\/section>\n\t\t\t\t<section class=\"elementor-section elementor-top-section elementor-element elementor-element-58ff2d46 elementor-section-boxed elementor-section-height-default elementor-section-height-default\" data-id=\"58ff2d46\" data-element_type=\"section\" data-e-type=\"section\">\n\t\t\t\t\t\t<div class=\"elementor-container elementor-column-gap-default\">\n\t\t\t\t\t<div class=\"elementor-column elementor-col-50 elementor-top-column elementor-element elementor-element-22e93d17\" data-id=\"22e93d17\" data-element_type=\"column\" data-e-type=\"column\">\n\t\t\t<div class=\"elementor-widget-wrap elementor-element-populated\">\n\t\t\t\t\t\t<div class=\"elementor-element elementor-element-4e3af884 elementor-widget elementor-widget-image\" data-id=\"4e3af884\" data-element_type=\"widget\" data-e-type=\"widget\" data-widget_type=\"image.default\">\n\t\t\t\t<div class=\"elementor-widget-container\">\n\t\t\t\t\t\t\t\t\t\t\t\t\t\t\t<img decoding=\"async\" width=\"800\" height=\"641\" src=\"https:\/\/iniciativalegal.com\/wp-content\/uploads\/2024\/01\/IMG_0380-1-1024x820.jpg\" class=\"attachment-large size-large wp-image-1995\" alt=\"Camilo Montoya Duque y Juliana Echavarr\u00eda Restrepo\" srcset=\"https:\/\/iniciativalegal.com\/wp-content\/uploads\/2024\/01\/IMG_0380-1-1024x820.jpg 1024w, https:\/\/iniciativalegal.com\/wp-content\/uploads\/2024\/01\/IMG_0380-1-300x240.jpg 300w, https:\/\/iniciativalegal.com\/wp-content\/uploads\/2024\/01\/IMG_0380-1-768x615.jpg 768w, https:\/\/iniciativalegal.com\/wp-content\/uploads\/2024\/01\/IMG_0380-1-1536x1230.jpg 1536w, https:\/\/iniciativalegal.com\/wp-content\/uploads\/2024\/01\/IMG_0380-1-2048x1640.jpg 2048w\" sizes=\"(max-width: 800px) 100vw, 800px\" \/>\t\t\t\t\t\t\t\t\t\t\t\t\t\t\t<\/div>\n\t\t\t\t<\/div>\n\t\t\t\t\t<\/div>\n\t\t<\/div>\n\t\t\t\t<div class=\"elementor-column elementor-col-50 elementor-top-column elementor-element elementor-element-513e4a12\" data-id=\"513e4a12\" data-element_type=\"column\" data-e-type=\"column\" data-settings=\"{&quot;background_background&quot;:&quot;classic&quot;}\">\n\t\t\t<div class=\"elementor-widget-wrap elementor-element-populated\">\n\t\t\t\t\t\t<div class=\"elementor-element elementor-element-56228a69 elementor-widget elementor-widget-heading\" data-id=\"56228a69\" data-element_type=\"widget\" data-e-type=\"widget\" data-widget_type=\"heading.default\">\n\t\t\t\t<div class=\"elementor-widget-container\">\n\t\t\t\t\t<h2 class=\"elementor-heading-title elementor-size-default\">Schedule an appointment with us<\/h2>\t\t\t\t<\/div>\n\t\t\t\t<\/div>\n\t\t\t\t<div class=\"elementor-element elementor-element-6b6c2600 form-sac elementor-widget elementor-widget-text-editor\" data-id=\"6b6c2600\" data-element_type=\"widget\" data-e-type=\"widget\" data-widget_type=\"text-editor.default\">\n\t\t\t\t<div class=\"elementor-widget-container\">\n\t\t\t\t\t\t\t\t\t<p>\n<div class=\"wpcf7 no-js\" id=\"wpcf7-f2894-o1\" lang=\"es-CO\" dir=\"ltr\" data-wpcf7-id=\"2894\">\n<div class=\"screen-reader-response\"><p role=\"status\" aria-live=\"polite\" aria-atomic=\"true\"><\/p> <ul><\/ul><\/div>\n<form action=\"\/en\/wp-json\/wp\/v2\/pages\/1738#wpcf7-f2894-o1\" method=\"post\" class=\"wpcf7-form init\" aria-label=\"Formulario de contacto\" novalidate=\"novalidate\" data-status=\"init\" data-trp-original-action=\"\/en\/wp-json\/wp\/v2\/pages\/1738#wpcf7-f2894-o1\">\n<fieldset class=\"hidden-fields-container\"><input type=\"hidden\" name=\"_wpcf7\" value=\"2894\" \/><input type=\"hidden\" name=\"_wpcf7_version\" value=\"6.1.5\" \/><input type=\"hidden\" name=\"_wpcf7_locale\" value=\"es_CO\" \/><input type=\"hidden\" name=\"_wpcf7_unit_tag\" value=\"wpcf7-f2894-o1\" \/><input type=\"hidden\" name=\"_wpcf7_container_post\" value=\"0\" \/><input type=\"hidden\" name=\"_wpcf7_posted_data_hash\" value=\"\" \/><input type=\"hidden\" name=\"_wpcf7_recaptcha_response\" value=\"\" \/>\n<\/fieldset>\n<p><span class=\"wpcf7-form-control-wrap\" data-name=\"nombre\"><input size=\"40\" maxlength=\"400\" class=\"wpcf7-form-control wpcf7-text wpcf7-validates-as-required\" aria-required=\"true\" aria-invalid=\"false\" placeholder=\"Full Name\" value=\"\" type=\"text\" name=\"nombre\" \/><\/span><br \/>\n<span class=\"wpcf7-form-control-wrap\" data-name=\"telefono\"><input size=\"40\" maxlength=\"400\" class=\"wpcf7-form-control wpcf7-tel wpcf7-validates-as-required wpcf7-text wpcf7-validates-as-tel\" aria-required=\"true\" aria-invalid=\"false\" placeholder=\"Mobile Phone\" value=\"\" type=\"tel\" name=\"telefono\" \/><\/span><br \/>\n<span class=\"wpcf7-form-control-wrap\" data-name=\"correo\"><input size=\"40\" maxlength=\"400\" class=\"wpcf7-form-control wpcf7-email wpcf7-validates-as-required wpcf7-text wpcf7-validates-as-email\" aria-required=\"true\" aria-invalid=\"false\" placeholder=\"Email Address\" value=\"\" type=\"email\" name=\"correo\" \/><\/span><br \/>\n<span class=\"wpcf7-form-control-wrap\" data-name=\"mensaje\"><textarea cols=\"40\" rows=\"10\" maxlength=\"2000\" class=\"wpcf7-form-control wpcf7-textarea\" aria-invalid=\"false\" placeholder=\"How can we assist you?\" name=\"mensaje\"><\/textarea><\/span><br \/>\n<input class=\"wpcf7-form-control wpcf7-hidden\" value=\"Derecho Inmobiliario y Urban\u00edstico\" type=\"hidden\" name=\"servicio\" \/>\n<\/p>\n<div style=\"display:none;\">\n<input class=\"wpcf7-form-control wpcf7-hidden\" value=\"\" type=\"hidden\" name=\"utm_source\" \/>\n<input class=\"wpcf7-form-control wpcf7-hidden\" value=\"\" type=\"hidden\" name=\"utm_medium\" \/>\n<input class=\"wpcf7-form-control wpcf7-hidden\" value=\"\" type=\"hidden\" name=\"utm_campaign\" \/>\n<input class=\"wpcf7-form-control wpcf7-hidden\" value=\"\" type=\"hidden\" name=\"utm_keyword\" \/>\n<input class=\"wpcf7-form-control wpcf7-hidden\" value=\"\" type=\"hidden\" name=\"utm_content\" \/>\n<\/div>\n<p><span class=\"wpcf7-form-control-wrap\" data-name=\"terminos\"><span class=\"wpcf7-form-control wpcf7-acceptance optional\"><span class=\"wpcf7-list-item\"><label><input type=\"checkbox\" name=\"terminos\" value=\"1\" aria-invalid=\"false\" \/><span class=\"wpcf7-list-item-label\">I accept <a href=\"https:\/\/iniciativalegal.com\/wp-content\/uploads\/2023\/12\/IL-POLITICA-DE-TRATAMIENTO-DE-DATOS.pdf\">the personal data processing policy<\/a><\/span><\/label><\/span><\/span><\/span><br \/>\n<input class=\"wpcf7-form-control wpcf7-submit has-spinner\" type=\"submit\" value=\"Send\" \/>\n<\/p><div class=\"wpcf7-response-output\" aria-hidden=\"true\"><\/div>\n<input type=\"hidden\" name=\"trp-form-language\" value=\"en\"\/><\/form>\n<\/div>\n<\/p>\t\t\t\t\t\t\t\t<\/div>\n\t\t\t\t<\/div>\n\t\t\t\t\t<\/div>\n\t\t<\/div>\n\t\t\t\t\t<\/div>\n\t\t<\/section>\n\t\t\t\t<\/div>","protected":false},"excerpt":{"rendered":"<p>Servicio en\u00a0 1. Transacciones Inmobiliarias\u2028Asesoramos en la estructuraci\u00f3n y acompa\u00f1amiento jur\u00eddico de compraventas, promesas de compraventa, permutas, leasing inmobiliario y dem\u00e1s negocios jur\u00eddicos sobre bienes inmuebles. Realizamos an\u00e1lisis contractual, verificaci\u00f3n de cargas y grav\u00e1menes, y acompa\u00f1amiento en el cierre de las operaciones. 2. Estudios de T\u00edtulos y Debida Diligencia Inmobiliaria\u2028Realizamos estudios de t\u00edtulos exhaustivos para [&hellip;]<\/p>\n","protected":false},"author":1,"featured_media":0,"parent":0,"menu_order":0,"comment_status":"closed","ping_status":"closed","template":"","meta":{"_joinchat":[],"footnotes":""},"class_list":["post-1738","page","type-page","status-publish","hentry"],"yoast_head":"<!-- This site is optimized with the Yoast SEO Premium plugin v21.9 (Yoast SEO v27.5) - https:\/\/yoast.com\/product\/yoast-seo-premium-wordpress\/ -->\n<title>Iniciativa Legal Abogados | Derecho Inmobiliario y Urban\u00edstico<\/title>\n<meta name=\"description\" content=\"Asesoramos en Derecho Inmobiliario y Urban\u00edstico, guiando en las implicaciones legales de transacciones particulares y empresariales.\" \/>\n<meta name=\"robots\" content=\"index, follow, max-snippet:-1, max-image-preview:large, max-video-preview:-1\" \/>\n<link rel=\"canonical\" href=\"https:\/\/iniciativalegal.com\/en\/derecho-inmobiliario-y-urbanistico\/\" \/>\n<meta property=\"og:locale\" content=\"en_US\" \/>\n<meta property=\"og:type\" content=\"article\" \/>\n<meta property=\"og:title\" content=\"Derecho Inmobiliario y Urban\u00edstico\" \/>\n<meta property=\"og:description\" content=\"Asesoramos en Derecho Inmobiliario y Urban\u00edstico, guiando en las implicaciones legales de transacciones particulares y empresariales.\" \/>\n<meta property=\"og:url\" content=\"https:\/\/iniciativalegal.com\/en\/derecho-inmobiliario-y-urbanistico\/\" \/>\n<meta property=\"og:site_name\" content=\"Iniciativa Legal\" \/>\n<meta property=\"article:publisher\" content=\"https:\/\/www.facebook.com\/profile.php?id=100054888697663\" \/>\n<meta property=\"article:modified_time\" content=\"2026-03-04T14:14:38+00:00\" \/>\n<meta property=\"og:image\" content=\"https:\/\/iniciativalegal.com\/wp-content\/uploads\/2024\/01\/oneil-williams-5052mLpyS4c-unsplash.jpg\" \/>\n\t<meta property=\"og:image:width\" content=\"1920\" \/>\n\t<meta property=\"og:image:height\" content=\"1440\" \/>\n\t<meta property=\"og:image:type\" content=\"image\/jpeg\" \/>\n<meta name=\"twitter:card\" content=\"summary_large_image\" \/>\n<meta name=\"twitter:label1\" content=\"Est. reading time\" \/>\n\t<meta name=\"twitter:data1\" content=\"2 minutes\" \/>\n<script type=\"application\/ld+json\" class=\"yoast-schema-graph\">{\"@context\":\"https:\\\/\\\/schema.org\",\"@graph\":[{\"@type\":\"WebPage\",\"@id\":\"https:\\\/\\\/iniciativalegal.com\\\/en\\\/derecho-inmobiliario-y-urbanistico\\\/\",\"url\":\"https:\\\/\\\/iniciativalegal.com\\\/en\\\/derecho-inmobiliario-y-urbanistico\\\/\",\"name\":\"Iniciativa Legal Abogados | Derecho Inmobiliario y Urban\u00edstico\",\"isPartOf\":{\"@id\":\"https:\\\/\\\/iniciativalegal.com\\\/en\\\/#website\"},\"primaryImageOfPage\":{\"@id\":\"https:\\\/\\\/iniciativalegal.com\\\/en\\\/derecho-inmobiliario-y-urbanistico\\\/#primaryimage\"},\"image\":{\"@id\":\"https:\\\/\\\/iniciativalegal.com\\\/en\\\/derecho-inmobiliario-y-urbanistico\\\/#primaryimage\"},\"thumbnailUrl\":\"https:\\\/\\\/iniciativalegal.com\\\/wp-content\\\/uploads\\\/2024\\\/01\\\/oneil-williams-5052mLpyS4c-unsplash-768x576.jpg\",\"datePublished\":\"2024-01-12T19:10:19+00:00\",\"dateModified\":\"2026-03-04T14:14:38+00:00\",\"description\":\"Asesoramos en Derecho Inmobiliario y Urban\u00edstico, guiando en las implicaciones legales de transacciones particulares y empresariales.\",\"breadcrumb\":{\"@id\":\"https:\\\/\\\/iniciativalegal.com\\\/en\\\/derecho-inmobiliario-y-urbanistico\\\/#breadcrumb\"},\"inLanguage\":\"en-US\",\"potentialAction\":[{\"@type\":\"ReadAction\",\"target\":[\"https:\\\/\\\/iniciativalegal.com\\\/en\\\/derecho-inmobiliario-y-urbanistico\\\/\"]}]},{\"@type\":\"ImageObject\",\"inLanguage\":\"en-US\",\"@id\":\"https:\\\/\\\/iniciativalegal.com\\\/en\\\/derecho-inmobiliario-y-urbanistico\\\/#primaryimage\",\"url\":\"https:\\\/\\\/iniciativalegal.com\\\/wp-content\\\/uploads\\\/2024\\\/01\\\/oneil-williams-5052mLpyS4c-unsplash-768x576.jpg\",\"contentUrl\":\"https:\\\/\\\/iniciativalegal.com\\\/wp-content\\\/uploads\\\/2024\\\/01\\\/oneil-williams-5052mLpyS4c-unsplash-768x576.jpg\"},{\"@type\":\"BreadcrumbList\",\"@id\":\"https:\\\/\\\/iniciativalegal.com\\\/en\\\/derecho-inmobiliario-y-urbanistico\\\/#breadcrumb\",\"itemListElement\":[{\"@type\":\"ListItem\",\"position\":1,\"name\":\"Inicio\",\"item\":\"https:\\\/\\\/iniciativalegal.com\\\/\"},{\"@type\":\"ListItem\",\"position\":2,\"name\":\"Derecho Inmobiliario y Urban\u00edstico\"}]},{\"@type\":\"WebSite\",\"@id\":\"https:\\\/\\\/iniciativalegal.com\\\/en\\\/#website\",\"url\":\"https:\\\/\\\/iniciativalegal.com\\\/en\\\/\",\"name\":\"iniciativalegal.com\",\"description\":\"Somos tus alidados Jur\u00eddicos\",\"publisher\":{\"@id\":\"https:\\\/\\\/iniciativalegal.com\\\/en\\\/#organization\"},\"alternateName\":\"Iniciativa Legal Abogados\",\"potentialAction\":[{\"@type\":\"SearchAction\",\"target\":{\"@type\":\"EntryPoint\",\"urlTemplate\":\"https:\\\/\\\/iniciativalegal.com\\\/en\\\/?s={search_term_string}\"},\"query-input\":{\"@type\":\"PropertyValueSpecification\",\"valueRequired\":true,\"valueName\":\"search_term_string\"}}],\"inLanguage\":\"en-US\"},{\"@type\":\"Organization\",\"@id\":\"https:\\\/\\\/iniciativalegal.com\\\/en\\\/#organization\",\"name\":\"iniciativalegal.com\",\"url\":\"https:\\\/\\\/iniciativalegal.com\\\/en\\\/\",\"logo\":{\"@type\":\"ImageObject\",\"inLanguage\":\"en-US\",\"@id\":\"https:\\\/\\\/iniciativalegal.com\\\/en\\\/#\\\/schema\\\/logo\\\/image\\\/\",\"url\":\"https:\\\/\\\/iniciativalegal.com\\\/wp-content\\\/uploads\\\/2023\\\/12\\\/cropped-INICIATIVA-LEGAL_favicon-1.ico\",\"contentUrl\":\"https:\\\/\\\/iniciativalegal.com\\\/wp-content\\\/uploads\\\/2023\\\/12\\\/cropped-INICIATIVA-LEGAL_favicon-1.ico\",\"width\":48,\"height\":48,\"caption\":\"iniciativalegal.com\"},\"image\":{\"@id\":\"https:\\\/\\\/iniciativalegal.com\\\/en\\\/#\\\/schema\\\/logo\\\/image\\\/\"},\"sameAs\":[\"https:\\\/\\\/www.facebook.com\\\/profile.php?id=100054888697663\",\"https:\\\/\\\/www.instagram.com\\\/iniciativa_legal\"]}]}<\/script>\n<!-- \/ Yoast SEO Premium plugin. -->","yoast_head_json":{"title":"Iniciativa Legal Abogados | Derecho Inmobiliario y Urban\u00edstico","description":"Asesoramos en Derecho Inmobiliario y Urban\u00edstico, guiando en las implicaciones legales de transacciones particulares y empresariales.","robots":{"index":"index","follow":"follow","max-snippet":"max-snippet:-1","max-image-preview":"max-image-preview:large","max-video-preview":"max-video-preview:-1"},"canonical":"https:\/\/iniciativalegal.com\/en\/derecho-inmobiliario-y-urbanistico\/","og_locale":"en_US","og_type":"article","og_title":"Derecho Inmobiliario y Urban\u00edstico","og_description":"Asesoramos en Derecho Inmobiliario y Urban\u00edstico, guiando en las implicaciones legales de transacciones particulares y empresariales.","og_url":"https:\/\/iniciativalegal.com\/en\/derecho-inmobiliario-y-urbanistico\/","og_site_name":"Iniciativa Legal","article_publisher":"https:\/\/www.facebook.com\/profile.php?id=100054888697663","article_modified_time":"2026-03-04T14:14:38+00:00","og_image":[{"width":1920,"height":1440,"url":"https:\/\/iniciativalegal.com\/wp-content\/uploads\/2024\/01\/oneil-williams-5052mLpyS4c-unsplash.jpg","type":"image\/jpeg"}],"twitter_card":"summary_large_image","twitter_misc":{"Est. reading time":"2 minutes"},"schema":{"@context":"https:\/\/schema.org","@graph":[{"@type":"WebPage","@id":"https:\/\/iniciativalegal.com\/en\/derecho-inmobiliario-y-urbanistico\/","url":"https:\/\/iniciativalegal.com\/en\/derecho-inmobiliario-y-urbanistico\/","name":"Iniciativa Legal Abogados | Derecho Inmobiliario y Urban\u00edstico","isPartOf":{"@id":"https:\/\/iniciativalegal.com\/en\/#website"},"primaryImageOfPage":{"@id":"https:\/\/iniciativalegal.com\/en\/derecho-inmobiliario-y-urbanistico\/#primaryimage"},"image":{"@id":"https:\/\/iniciativalegal.com\/en\/derecho-inmobiliario-y-urbanistico\/#primaryimage"},"thumbnailUrl":"https:\/\/iniciativalegal.com\/wp-content\/uploads\/2024\/01\/oneil-williams-5052mLpyS4c-unsplash-768x576.jpg","datePublished":"2024-01-12T19:10:19+00:00","dateModified":"2026-03-04T14:14:38+00:00","description":"Asesoramos en Derecho Inmobiliario y Urban\u00edstico, guiando en las implicaciones legales de transacciones particulares y empresariales.","breadcrumb":{"@id":"https:\/\/iniciativalegal.com\/en\/derecho-inmobiliario-y-urbanistico\/#breadcrumb"},"inLanguage":"en-US","potentialAction":[{"@type":"ReadAction","target":["https:\/\/iniciativalegal.com\/en\/derecho-inmobiliario-y-urbanistico\/"]}]},{"@type":"ImageObject","inLanguage":"en-US","@id":"https:\/\/iniciativalegal.com\/en\/derecho-inmobiliario-y-urbanistico\/#primaryimage","url":"https:\/\/iniciativalegal.com\/wp-content\/uploads\/2024\/01\/oneil-williams-5052mLpyS4c-unsplash-768x576.jpg","contentUrl":"https:\/\/iniciativalegal.com\/wp-content\/uploads\/2024\/01\/oneil-williams-5052mLpyS4c-unsplash-768x576.jpg"},{"@type":"BreadcrumbList","@id":"https:\/\/iniciativalegal.com\/en\/derecho-inmobiliario-y-urbanistico\/#breadcrumb","itemListElement":[{"@type":"ListItem","position":1,"name":"Inicio","item":"https:\/\/iniciativalegal.com\/"},{"@type":"ListItem","position":2,"name":"Derecho Inmobiliario y Urban\u00edstico"}]},{"@type":"WebSite","@id":"https:\/\/iniciativalegal.com\/en\/#website","url":"https:\/\/iniciativalegal.com\/en\/","name":"iniciativalegal.com","description":"Somos tus alidados Jur\u00eddicos","publisher":{"@id":"https:\/\/iniciativalegal.com\/en\/#organization"},"alternateName":"Iniciativa Legal Abogados","potentialAction":[{"@type":"SearchAction","target":{"@type":"EntryPoint","urlTemplate":"https:\/\/iniciativalegal.com\/en\/?s={search_term_string}"},"query-input":{"@type":"PropertyValueSpecification","valueRequired":true,"valueName":"search_term_string"}}],"inLanguage":"en-US"},{"@type":"Organization","@id":"https:\/\/iniciativalegal.com\/en\/#organization","name":"iniciativalegal.com","url":"https:\/\/iniciativalegal.com\/en\/","logo":{"@type":"ImageObject","inLanguage":"en-US","@id":"https:\/\/iniciativalegal.com\/en\/#\/schema\/logo\/image\/","url":"https:\/\/iniciativalegal.com\/wp-content\/uploads\/2023\/12\/cropped-INICIATIVA-LEGAL_favicon-1.ico","contentUrl":"https:\/\/iniciativalegal.com\/wp-content\/uploads\/2023\/12\/cropped-INICIATIVA-LEGAL_favicon-1.ico","width":48,"height":48,"caption":"iniciativalegal.com"},"image":{"@id":"https:\/\/iniciativalegal.com\/en\/#\/schema\/logo\/image\/"},"sameAs":["https:\/\/www.facebook.com\/profile.php?id=100054888697663","https:\/\/www.instagram.com\/iniciativa_legal"]}]}},"_links":{"self":[{"href":"https:\/\/iniciativalegal.com\/en\/wp-json\/wp\/v2\/pages\/1738","targetHints":{"allow":["GET"]}}],"collection":[{"href":"https:\/\/iniciativalegal.com\/en\/wp-json\/wp\/v2\/pages"}],"about":[{"href":"https:\/\/iniciativalegal.com\/en\/wp-json\/wp\/v2\/types\/page"}],"author":[{"embeddable":true,"href":"https:\/\/iniciativalegal.com\/en\/wp-json\/wp\/v2\/users\/1"}],"replies":[{"embeddable":true,"href":"https:\/\/iniciativalegal.com\/en\/wp-json\/wp\/v2\/comments?post=1738"}],"version-history":[{"count":72,"href":"https:\/\/iniciativalegal.com\/en\/wp-json\/wp\/v2\/pages\/1738\/revisions"}],"predecessor-version":[{"id":3080,"href":"https:\/\/iniciativalegal.com\/en\/wp-json\/wp\/v2\/pages\/1738\/revisions\/3080"}],"wp:attachment":[{"href":"https:\/\/iniciativalegal.com\/en\/wp-json\/wp\/v2\/media?parent=1738"}],"curies":[{"name":"wp","href":"https:\/\/api.w.org\/{rel}","templated":true}]}}